{"id":456,"date":"2021-03-08T10:32:54","date_gmt":"2021-03-08T09:32:54","guid":{"rendered":"https:\/\/jdnd.mood.asso.fr\/equipe\/?page_id=456"},"modified":"2021-06-18T14:53:17","modified_gmt":"2021-06-18T12:53:17","slug":"videos-animations","status":"publish","type":"page","link":"https:\/\/jdnd.mood.asso.fr\/equipe\/accueil\/communication\/videos-animations\/","title":{"rendered":"Vid\u00e9os des animations"},"content":{"rendered":"\n<p>Vous le savez, <strong>Jouons de nos diff\u00e9rences<\/strong> <a href=\"https:\/\/jdnd.mood.asso.fr\/equipe\/2021\/02\/08\/edition-2021-reportee\/\" data-type=\"post\" data-id=\"421\">aura lieu en ligne<\/a> : nous proposons aux visiteurs de vivre l&rsquo;\u00e9v\u00e9nement comme s&rsquo;ils \u00e9taient au Parc de la Colombi\u00e8re avec des vid\u00e9os courtes et ludiques d&rsquo;une de vos activit\u00e9s que vous pr\u00e9sentiez au Parc.<\/p>\n\n\n\n<p>Afin de garantir une unit\u00e9, toutes les vid\u00e9os seront bas\u00e9es sur le m\u00eame sch\u00e9ma sur lequel nous nous appuierons lors des tournages.<\/p>\n\n\n\t\t\t\t<div class=\"wp-block-uagb-table-of-contents uagb-toc__align-left uagb-toc__columns-1  uagb-block-d8e5d85c wp-block-uagb-table-of-contents uagb-toc__align-left uagb-toc__columns-undefined uagb-block-fa5b405b     \"\n\t\t\t\t\tdata-scroll= \"1\"\n\t\t\t\t\tdata-offset= \"30\"\n\t\t\t\t\tstyle=\"\"\n\t\t\t\t>\n\t\t\t\t<div class=\"uagb-toc__wrap\">\n\t\t\t\t\t\t<div class=\"uagb-toc__title\">\n\t\t\t\t\t\t\tTable des mati\u00e8res\t\t\t\t\t\t<\/div>\n\t\t\t\t\t\t\t\t\t\t\t\t\t\t\t\t\t\t\t\t\t\t<div class=\"uagb-toc__list-wrap \">\n\t\t\t\t\t\t<ol class=\"uagb-toc__list\"><li class=\"uagb-toc__list\"><a href=\"#processus-dune-vid\u00e9o\" class=\"uagb-toc-link__trigger\">Processus d&#039;une vid\u00e9o<\/a><li class=\"uagb-toc__list\"><a href=\"#textes\" class=\"uagb-toc-link__trigger\">Textes<\/a><li class=\"uagb-toc__list\"><a href=\"#clap-\u00e7a-tourne\" class=\"uagb-toc-link__trigger\">Clap, \u00e7a tourne !<\/a><\/ol>\t\t\t\t\t<\/div>\n\t\t\t\t\t\t\t\t\t<\/div>\n\t\t\t\t<\/div>\n\t\t\t\n\n\n<hr class=\"wp-block-separator is-style-wide\"\/>\n\n\n\n<h2 class=\"wp-block-heading\">Processus d&rsquo;une vid\u00e9o<\/h2>\n\n\n\n<p>Pour information, le processus pour la r\u00e9alisation <strong><em>d&rsquo;une vid\u00e9o<\/em><\/strong> est le suivant :<\/p>\n\n\n\n<ul class=\"wp-block-list\"><li>Pr\u00e9paration et planification<\/li><li>Tournage : installation, r\u00e9p\u00e9titions, captation<\/li><li>Montage<\/li><li>Post-production : effets sp\u00e9ciaux, voix-off, audio description, sous-titrage, version langue des signes<\/li><li>Mise en ligne<\/li><\/ul>\n\n\n\n<p>D&rsquo;o\u00f9 l&rsquo;importance de bien pr\u00e9parer le terrain avant notre arriv\u00e9e : vos activit\u00e9s \u00e0 pr\u00e9senter, le mat\u00e9riel pr\u00eat, les textes r\u00e9vis\u00e9s. Cela permettra d&rsquo;avoir les meilleures images pour vos vid\u00e9os !<\/p>\n\n\n\n<hr class=\"wp-block-separator is-style-wide\"\/>\n\n\n\n<h2 class=\"wp-block-heading\">Textes<\/h2>\n\n\n\n<p>Voici ce que nous vous proposons pour bien pr\u00e9parer vos textes \/ activit\u00e9s.<\/p>\n\n\n\n<p>Toutes les vid\u00e9os seront bas\u00e9es sur le m\u00eame principe \u00e0 savoir :<\/p>\n\n\n\n<ul class=\"wp-block-list\"><li>Premier plan (vue portrait) : pr\u00e9sentation de votre activit\u00e9.<\/li><li>Second plan (vue d&rsquo;ensemble) : animation de votre activit\u00e9.<\/li><li>Troisi\u00e8me plan (vue portrait) : pr\u00e9sentation de l&rsquo;association partenaire.<\/li><li>Quatri\u00e8me et dernier plan : question Quizz pour le Rallye.<\/li><\/ul>\n\n\n\n<p>Nous avons fait un test ce 8 mars et cela pourrait \u00e9voluer avec les v\u00f4tres :<\/p>\n\n\n\n<figure class=\"wp-block-image size-large is-resized\"><a href=\"https:\/\/jdnd.mood.asso.fr\/equipe\/wp-content\/uploads\/jdnd2021-trame-videos-animations.png\"><img loading=\"lazy\" decoding=\"async\" src=\"https:\/\/jdnd.mood.asso.fr\/equipe\/wp-content\/uploads\/jdnd2021-trame-videos-animations-1024x462.png\" alt=\"\" class=\"wp-image-458\" width=\"512\" height=\"231\" srcset=\"https:\/\/jdnd.mood.asso.fr\/equipe\/wp-content\/uploads\/jdnd2021-trame-videos-animations-1024x462.png 1024w, https:\/\/jdnd.mood.asso.fr\/equipe\/wp-content\/uploads\/jdnd2021-trame-videos-animations-300x135.png 300w, https:\/\/jdnd.mood.asso.fr\/equipe\/wp-content\/uploads\/jdnd2021-trame-videos-animations-768x347.png 768w, https:\/\/jdnd.mood.asso.fr\/equipe\/wp-content\/uploads\/jdnd2021-trame-videos-animations.png 1280w\" sizes=\"auto, (max-width: 512px) 100vw, 512px\" \/><\/a><\/figure>\n\n\n\n<figure class=\"wp-block-image size-large is-resized\"><a href=\"https:\/\/jdnd.mood.asso.fr\/equipe\/wp-content\/uploads\/jdnd2021-test-texte-animation.png\"><img loading=\"lazy\" decoding=\"async\" src=\"https:\/\/jdnd.mood.asso.fr\/equipe\/wp-content\/uploads\/jdnd2021-test-texte-animation-1024x656.png\" alt=\"\" class=\"wp-image-457\" width=\"512\" height=\"328\" srcset=\"https:\/\/jdnd.mood.asso.fr\/equipe\/wp-content\/uploads\/jdnd2021-test-texte-animation-1024x656.png 1024w, https:\/\/jdnd.mood.asso.fr\/equipe\/wp-content\/uploads\/jdnd2021-test-texte-animation-300x192.png 300w, https:\/\/jdnd.mood.asso.fr\/equipe\/wp-content\/uploads\/jdnd2021-test-texte-animation-768x492.png 768w, https:\/\/jdnd.mood.asso.fr\/equipe\/wp-content\/uploads\/jdnd2021-test-texte-animation.png 1276w\" sizes=\"auto, (max-width: 512px) 100vw, 512px\" \/><\/a><\/figure>\n\n\n\n<hr class=\"wp-block-separator has-text-color has-background has-vivid-cyan-blue-background-color has-vivid-cyan-blue-color is-style-wide\"\/>\n\n\n\n<h2 class=\"wp-block-heading\">Clap, \u00e7a tourne !<\/h2>\n\n\n\n<p>Les tournages ont commenc\u00e9 dans la bonne humeur et dans le respect des gestes barri\u00e8res :<\/p>\n\n\n\n<ul class=\"wp-block-list\"><li>Maxime et Laurence (<a rel=\"noreferrer noopener\" href=\"https:\/\/jdnd.mood.asso.fr\/partenaires\/demain-le-soleil\/\" target=\"_blank\">Demain Le Soleil<\/a>)<\/li><li>Alain (<a rel=\"noreferrer noopener\" href=\"https:\/\/jdnd.mood.asso.fr\/partenaires\/france-avc-21\/\" data-type=\"URL\" data-id=\"https:\/\/jdnd.mood.asso.fr\/partenaires\/france-avc-21\/\" target=\"_blank\">France AVC<\/a>)<\/li><li>Perrine, Laure et Christophe (<a rel=\"noreferrer noopener\" href=\"https:\/\/jdnd.mood.asso.fr\/partenaires\/apf-france-handicap\/\" data-type=\"URL\" data-id=\"https:\/\/jdnd.mood.asso.fr\/partenaires\/apf-france-handicap\/\" target=\"_blank\">APF France Handicap<\/a>)<\/li><li>B\u00e9rang\u00e8re (<a rel=\"noreferrer noopener\" href=\"https:\/\/jdnd.mood.asso.fr\/partenaires\/ladapt\/\" data-type=\"URL\" data-id=\"https:\/\/jdnd.mood.asso.fr\/partenaires\/ladapt\/\" target=\"_blank\">LADAPT<\/a>)<\/li><li>Isabelle et Emy (<a rel=\"noreferrer noopener\" href=\"https:\/\/jdnd.mood.asso.fr\/partenaires\/les-anges-de-la-mode\/\" data-type=\"URL\" data-id=\"https:\/\/jdnd.mood.asso.fr\/partenaires\/les-anges-de-la-mode\/\" target=\"_blank\">Handi&rsquo;Ange<\/a>)<\/li><li>Jean-Claude, Dominique et Andr\u00e9 (<a rel=\"noreferrer noopener\" href=\"https:\/\/jdnd.mood.asso.fr\/partenaires\/voir-ensemble\/\" target=\"_blank\">Voir ensemble<\/a>)<\/li><li>Catherine, Hubert et Timoth\u00e9e (<a rel=\"noreferrer noopener\" href=\"https:\/\/jdnd.mood.asso.fr\/partenaires-archives\/les-chouettes-du-coeur\/\" target=\"_blank\">Chouettes du Coeur<\/a>)<\/li><li>Christophe et David (<a rel=\"noreferrer noopener\" href=\"https:\/\/jdnd.mood.asso.fr\/partenaires\/les-pep-cbfc\/\" target=\"_blank\">PEP BFC<\/a>)<\/li><li>Sophie (<a rel=\"noreferrer noopener\" href=\"https:\/\/jdnd.mood.asso.fr\/partenaires\/pluradys\/\" target=\"_blank\">Pluradys<\/a>)<\/li><li>V\u00e9ronique (<a rel=\"noreferrer noopener\" href=\"https:\/\/jdnd.mood.asso.fr\/partenaires\/veronique-werver\/\" data-type=\"URL\" data-id=\"https:\/\/jdnd.mood.asso.fr\/partenaires\/veronique-werver\/\" target=\"_blank\">VW Audiodescription<\/a>) et Philippe (<a rel=\"noreferrer noopener\" href=\"https:\/\/jdnd.mood.asso.fr\/partenaires\/acodege\/\" data-type=\"URL\" data-id=\"https:\/\/jdnd.mood.asso.fr\/partenaires\/acodege\/\" target=\"_blank\">ACODEGE<\/a>)<\/li><\/ul>\n\n\n\n<figure class=\"wp-block-image size-large is-resized\"><a href=\"https:\/\/jdnd.mood.asso.fr\/equipe\/wp-content\/uploads\/IMG_4943-1200.jpg\"><img loading=\"lazy\" decoding=\"async\" src=\"https:\/\/jdnd.mood.asso.fr\/equipe\/wp-content\/uploads\/IMG_4943-1200-1024x768.jpg\" alt=\"\" class=\"wp-image-561\" width=\"512\" height=\"384\" srcset=\"https:\/\/jdnd.mood.asso.fr\/equipe\/wp-content\/uploads\/IMG_4943-1200-1024x768.jpg 1024w, https:\/\/jdnd.mood.asso.fr\/equipe\/wp-content\/uploads\/IMG_4943-1200-300x225.jpg 300w, https:\/\/jdnd.mood.asso.fr\/equipe\/wp-content\/uploads\/IMG_4943-1200-768x576.jpg 768w, https:\/\/jdnd.mood.asso.fr\/equipe\/wp-content\/uploads\/IMG_4943-1200.jpg 1200w\" sizes=\"auto, (max-width: 512px) 100vw, 512px\" \/><\/a><\/figure>\n\n\n\n<figure class=\"wp-block-image size-large is-resized\"><a href=\"https:\/\/jdnd.mood.asso.fr\/equipe\/wp-content\/uploads\/IMG_4409.jpg\"><img loading=\"lazy\" decoding=\"async\" src=\"https:\/\/jdnd.mood.asso.fr\/equipe\/wp-content\/uploads\/IMG_4409-1024x768.jpg\" alt=\"\" class=\"wp-image-493\" width=\"512\" height=\"384\" srcset=\"https:\/\/jdnd.mood.asso.fr\/equipe\/wp-content\/uploads\/IMG_4409-1024x768.jpg 1024w, https:\/\/jdnd.mood.asso.fr\/equipe\/wp-content\/uploads\/IMG_4409-300x225.jpg 300w, https:\/\/jdnd.mood.asso.fr\/equipe\/wp-content\/uploads\/IMG_4409-768x576.jpg 768w, https:\/\/jdnd.mood.asso.fr\/equipe\/wp-content\/uploads\/IMG_4409.jpg 1200w\" sizes=\"auto, (max-width: 512px) 100vw, 512px\" \/><\/a><\/figure>\n\n\n\n<hr class=\"wp-block-separator is-style-wide\"\/>\n","protected":false},"excerpt":{"rendered":"<p>Vous le savez, Jouons de nos diff\u00e9rences aura lieu en ligne : nous proposons aux visiteurs de vivre l&rsquo;\u00e9v\u00e9nement comme s&rsquo;ils \u00e9taient au Parc de la Colombi\u00e8re avec des vid\u00e9os courtes et ludiques d&rsquo;une de vos activit\u00e9s que vous pr\u00e9sentiez au Parc. Afin de garantir une unit\u00e9, toutes les vid\u00e9os seront bas\u00e9es sur le m\u00eame [&hellip;]<\/p>\n","protected":false},"author":1,"featured_media":0,"parent":10,"menu_order":0,"comment_status":"closed","ping_status":"closed","template":"","meta":{"_uag_custom_page_level_css":"","hide_page_title":"","footnotes":""},"class_list":["post-456","page","type-page","status-publish","hentry"],"uagb_featured_image_src":{"full":false,"thumbnail":false,"medium":false,"medium_large":false,"large":false,"1536x1536":false,"2048x2048":false},"uagb_author_info":{"display_name":"stefhan","author_link":"https:\/\/jdnd.mood.asso.fr\/equipe\/author\/stefhan\/"},"uagb_comment_info":0,"uagb_excerpt":"Vous le savez, Jouons de nos diff\u00e9rences aura lieu en ligne : nous proposons aux visiteurs de vivre l&rsquo;\u00e9v\u00e9nement comme s&rsquo;ils \u00e9taient au Parc de la Colombi\u00e8re avec des vid\u00e9os courtes et ludiques d&rsquo;une de vos activit\u00e9s que vous pr\u00e9sentiez au Parc. Afin de garantir une unit\u00e9, toutes les vid\u00e9os seront bas\u00e9es sur le m\u00eame\u2026","_links":{"self":[{"href":"https:\/\/jdnd.mood.asso.fr\/equipe\/wp-json\/wp\/v2\/pages\/456","targetHints":{"allow":["GET"]}}],"collection":[{"href":"https:\/\/jdnd.mood.asso.fr\/equipe\/wp-json\/wp\/v2\/pages"}],"about":[{"href":"https:\/\/jdnd.mood.asso.fr\/equipe\/wp-json\/wp\/v2\/types\/page"}],"author":[{"embeddable":true,"href":"https:\/\/jdnd.mood.asso.fr\/equipe\/wp-json\/wp\/v2\/users\/1"}],"replies":[{"embeddable":true,"href":"https:\/\/jdnd.mood.asso.fr\/equipe\/wp-json\/wp\/v2\/comments?post=456"}],"version-history":[{"count":22,"href":"https:\/\/jdnd.mood.asso.fr\/equipe\/wp-json\/wp\/v2\/pages\/456\/revisions"}],"predecessor-version":[{"id":793,"href":"https:\/\/jdnd.mood.asso.fr\/equipe\/wp-json\/wp\/v2\/pages\/456\/revisions\/793"}],"up":[{"embeddable":true,"href":"https:\/\/jdnd.mood.asso.fr\/equipe\/wp-json\/wp\/v2\/pages\/10"}],"wp:attachment":[{"href":"https:\/\/jdnd.mood.asso.fr\/equipe\/wp-json\/wp\/v2\/media?parent=456"}],"curies":[{"name":"wp","href":"https:\/\/api.w.org\/{rel}","templated":true}]}}